{"id":778,"date":"2016-12-14T00:04:53","date_gmt":"2016-12-13T23:04:53","guid":{"rendered":"https:\/\/niekbrouw.nl\/?page_id=778\/"},"modified":"2023-06-27T13:00:30","modified_gmt":"2023-06-27T12:00:30","slug":"only-a-thief-has-something-to-hide","status":"publish","type":"page","link":"https:\/\/niekbrouw.nl\/es\/los-libros\/only-a-thief-has-something-to-hide\/","title":{"rendered":"Verbergen doet alleen een dief [\u00abS\u00f3lo un ladr\u00f3n tiene algo que ocultar\u00bb]"},"content":{"rendered":"<p class=\"p1\"><span class=\"s1\"><b>Contents<\/b><\/span><\/p>\n<p class=\"p1\"><span class=\"s1\">Cap\u00edtulo 1. La fase fetal, el cimiento para los a\u00f1os posteriores <\/span><\/p>\n<p class=\"p1\"><span class=\"s1\">Cap\u00edtulo 2. Tomando conciencia<\/span><\/p>\n<p class=\"p1\"><span class=\"s1\">Cap\u00edtulo 3. Desarrollo del cuerpo, la mente y el alma<\/span><\/p>\n<p class=\"p1\"><span class=\"s1\">Cap\u00edtulo 4. Dimensiones o posibilidades de la conciencia<\/span><\/p>\n<p class=\"p1\"><span class=\"s1\">Cap\u00edtulo 5. Trastornos del desarrollo<\/span><\/p>\n<p class=\"p1\"><span class=\"s1\">Cap\u00edtulo 6. El mundo submarino, bucear, descender y emerger<\/span><\/p>\n<p class=\"p1\"><span class=\"s1\">Cap\u00edtulo 7. Impulsos y conductas compulsivas, \u00bfde d\u00f3nde vienen?<\/span><\/p>\n<p class=\"p1\"><span class=\"s1\">Cap\u00edtulo 8. Nutrici\u00f3n y protecci\u00f3n, necesarias para el crecimiento.<\/span><\/p>\n<p class=\"p1\"><span class=\"s1\">Cap\u00edtulo 9. La existencia cotidiana como espejo del pasado fetal<\/span><\/p>\n<p class=\"p1\"><span class=\"s1\">Cap\u00edtulo 10. Deportes<\/span><\/p>\n<p class=\"p1\"><span class=\"s1\">Cap\u00edtulo 11. Traumas de nacimiento y conducta regresiva<\/span><\/p>\n<p class=\"p1\"><span class=\"s1\">Cap\u00edtulo 12. La pol\u00edtica actual, m\u00e1s fetal que nunca<\/span><\/p>\n<p class=\"p1\"><span class=\"s1\">Cap\u00edtulo 13. La relaci\u00f3n entre el per\u00edodo fetal y las neurosis y psicosis.<\/span><\/p>\n<p class=\"p1\"><span class=\"s1\">Cap\u00edtulo 14. La sexualidad, determinada por nuestro desarrollo fetal<\/span><\/p>\n<p class=\"p1\"><span class=\"s1\">Cap\u00edtulo 15. Superar barreras juntos es alcanzar la libertad ilimitada<\/span><\/p>\n<p class=\"p1\"><!--nextpage--><\/p>\n<p class=\"p1\"><span class=\"s1\"><b>Prefacio<\/b><\/span><\/p>\n<p class=\"p1\"><span class=\"s1\">El viento es una fuerza de la naturaleza capaz de moldear paisajes enteros. Piensa en la arena de la playa, en las formas y patrones que cambian constantemente, o en las dunas del desierto que se desplazan de un lugar a otro. Hay una fuerza externa que los mueve de forma pasiva.<\/span><\/p>\n<p class=\"p1\"><span class=\"s1\">Las influencias externas a menudo determinan el curso de nuestras vidas y reaccionamos a ellas porque son m\u00e1s fuertes que nuestra conciencia o nuestra conexi\u00f3n a tierra. Entonces surge la pregunta siguiente: \u00bfpermitimos que las fuerzas externas determinen nuestro ser de forma inconsciente o es la fuerza externa, por ejemplo el viento, la que hace que nuestro ser sea consciente?<\/span><\/p>\n<p class=\"p1\"><span class=\"s1\">Hacer uso de nuestra identidad y desarrollarla a\u00fan m\u00e1s, despu\u00e9s de todo, es el prop\u00f3sito de nuestra existencia.<\/span><\/p>\n<p class=\"p1\"><span class=\"s1\">Yo llamar\u00eda al crecimiento un despertar. Hay una gran diferencia entre entrenar una habilidad y crecer. En el crecimiento hay un despertar, una toma de conciencia de nosotros mismos. Tener una habilidad es disponer de una herramienta necesaria para sobrevivir en los tiempos actuales. Cada \u00e9poca y cada lugar en la Tierra demanda diferentes herramientas para sobrevivir.<\/span><\/p>\n<p class=\"p1\"><span class=\"s1\">Si has logrado reforzar tu conciencia y desarrollar un conjunto de habilidades que te permiten permanecer en tu lugar, sea cual sea, entonces te conviertes en un pilar de fuerza y dejas de ser una pelota empujada por las olas o un globo que se lo lleva el viento. <\/span><\/p>\n<p class=\"p1\"><span class=\"s1\">La primera vez que conduces un autom\u00f3vil o que te sientas en un avi\u00f3n ocurre algo que yo denomino expansi\u00f3n de la conciencia. La capacidad de maniobrar con precisi\u00f3n un autom\u00f3vil o un avi\u00f3n es lo que yo llamar\u00eda una habilidad. Naturalmente, empiezas por hacerte consciente de algo antes de convertirlo en una habilidad.<\/span><\/p>\n<p class=\"p1\"><span class=\"s1\">Considere, por ejemplo, los maestros artesanos de anta\u00f1o. Durante a\u00f1os, al aprendiz solo se le permit\u00eda limpiar el taller y empezar a sentir algo hacia el trabajo. Se le permit\u00eda sentir lo que hac\u00eda el maestro, fuera pintura o escultura u otro arte. No importaba. Lo primero era sentir lo que all\u00ed estaba pasando. Al igual que los tibetanos, primero hab\u00eda que sentir y experimentar el conocimiento. Solo entonces se pod\u00eda empezar a leer sobre ello y convertirlo en una destreza.<\/span><\/p>\n<p class=\"p1\"><span class=\"s1\">Hoy en d\u00eda, frecuentemente se considera m\u00e1s importante ejercer una profesi\u00f3n o trabajar con el ordenador que el propio crecimiento del individuo. Sin embargo, cuando tratamos de aprender una habilidad tras otras, de forma apresurada, como por ejemplo, el permiso de conducir, otro diploma m\u00e1s, \u00bfno estamos huyendo inconscientemente de nuestro crecimiento? Hay un miedo muy arraigado a sentir.<\/span><\/p>\n<p class=\"p1\"><span class=\"s1\">Cuando no est\u00e1s consciente, el viento puede llevarte a cualquier parte. Sin embargo, el poder del viento tambi\u00e9n puede hacerte consciente del poder de tu propio ser.<\/span><\/p>\n<p class=\"p1\"><span class=\"s1\">Niek Brouw<\/span><\/p>\n<p class=\"p1\"><!--nextpage--><\/p>\n<p class=\"p1\"><span class=\"s1\">Cap\u00edtulo 1. el cimiento para los a\u00f1os posteriores<\/span><\/p>\n<p class=\"p1\"><span class=\"s1\">Tener libertad o no tener libertad. La diferencia es una reacci\u00f3n inconsciente o una respuesta a un est\u00edmulo externo. \u00bfPor qu\u00e9 nunca alcanzas tu meta? Vamos a mirar de desmenuzar esta pregunta para hacerla m\u00e1s tangible. Tratemos de volver a nuestro cimiento interno para poder florecer en lo que somos, en lugar de seguir viviendo con el piloto autom\u00e1tico, dejando que nuestras vidas est\u00e9n determinadas por las normas sociales y los dogmas del mundo exterior.<\/span><\/p>\n<p class=\"p1\"><span class=\"s1\">Aqu\u00ed estoy una vez m\u00e1s, no a 3.000 kil\u00f3metros de casa como cuando escrib\u00ed mi \u00faltimo libro, sino aqu\u00ed, en la zona de delante de mi casa, escribiendo sobre un tema en el que he estado trabajando durante mucho tiempo.<\/span><\/p>\n<p class=\"p1\"><span class=\"s1\">Mucho antes de saber que me convertir\u00eda en m\u00e9dico, a menudo me preguntaba qu\u00e9 sucede realmente antes de que seamos conscientes. \u00bfQu\u00e9 nos sucede en las primeras semanas, cuando solo somos un embri\u00f3n en el \u00fatero, en los meses posteriores, cuando somos un feto y en los primeros a\u00f1os despu\u00e9s del nacimiento, cuando a\u00fan no se ha desarrollado la conciencia?<\/span><\/p>\n<p class=\"p1\"><span class=\"s1\">Durante los \u00faltimos quince a\u00f1os, he investigado en detalle sobre este tema tratando de descubrir lo que puede suceder y lo que creo que puede influir en nuestra vida posterior. Es un per\u00edodo inconsciente y atemporal. Si nos preguntamos cu\u00e1nto dura, ninguno de nosotros puede dar una respuesta. Es un per\u00edodo de conciencia primitiva o del subconsciente.<\/span><\/p>\n<p class=\"p1\"><span class=\"s1\">Mi exploraci\u00f3n me llev\u00f3 a la conclusi\u00f3n de que, ya desde el momento en que estamos en el \u00fatero, recibimos todo tipo de informaci\u00f3n del mundo exterior que determina c\u00f3mo reaccionaremos m\u00e1s adelante en la vida. Por ejemplo, si seremos espont\u00e1neos, \u201csabelotodos\u201d o hipersensibles. Y tambi\u00e9n el peso que estas caracter\u00edsticas tendr\u00e1n en el resto de nuestra vida posnatal, es decir, nuestra vida despu\u00e9s del nacimiento. En ese momento, yo estaba interesado por el concepto de la conciencia colectiva y la investigaci\u00f3n de Jung en este \u00e1rea &#8211; la influencia invisible a la que tambi\u00e9n reaccionamos. A veces observas como surgen comportamientos en las masas, que las personas individuales no perciben. Son comportamientos basados en la conciencia colectiva, como cuando Holanda gana un partido de f\u00fatbol. Se puede sentir una vibraci\u00f3n especial en todo el pa\u00eds. Incluso si no tienes idea de que hay un partido de f\u00fatbol, notar\u00e1s que hay algo diferente en la atm\u00f3sfera.<\/span><\/p>\n<p class=\"p1\"><span class=\"s1\">Estas vibraciones no son visibles y son dif\u00edciles de describir, pero aun as\u00ed tienen una influencia significativa en el comportamiento de una masa de personas. En el mes de mayo, cuando hace buen tiempo y las cafeter\u00edas abren sus terrazas, ver\u00e1s que la gente anda un poco diferente por la calle y est\u00e1 de mejor humor; todos son felices de nuevo. Por el contrario, cuando hace fr\u00edo la gente se agarrota y se encoge dentro del abrigo. Por lo tanto, la sensaci\u00f3n de alegr\u00eda y buen tiempo se genera externamente y cambia cuando el clima se vuelve gris y nublado.<\/span><\/p>\n<p class=\"p1\"><span class=\"s1\">Nac\u00ed en La Haya, en noviembre de 1943. Ten\u00eda solo un a\u00f1o y medio cuando la Segunda Guerra Mundial finaliz\u00f3 en los Pa\u00edses Bajos, y por lo tanto, no la viv\u00ed de forma consciente. Entonces, \u00bfc\u00f3mo es posible que, desde los dos a\u00f1os y medio hasta los cuatro, so\u00f1ase regularmente con alemanes equipados con cascos? Ya se hab\u00edan ido hac\u00eda mucho tiempo, as\u00ed que no los vi conscientemente. Sin embargo, en mis sue\u00f1os, vi exactamente c\u00f3mo eran los soldados. \u00bfC\u00f3mo pude haber notado eso? Me desconcertaba ya a esa edad. En casa nunca se hablaba de la guerra. Tampoco hab\u00eda fotos de soldados. Despu\u00e9s de todo, \u00bfno hab\u00edamos sido liberados? \u00bfNo hab\u00edamos comenzado ya a reconstruir los Pa\u00edses Bajos? A\u00fan as\u00ed, yo tuve esos sue\u00f1os.<\/span><\/p>\n<p>Mucho m\u00e1s tarde, con diecinueve a\u00f1os, tuve que hacer el servicio militar. Fue entonces cuando escuch\u00e9 decir a un psic\u00f3logo que trabajaba en el departamento psicot\u00e9cnico de la Marina que muchas personas nacidas en 1943 no pasaron el examen para hacer el servicio militar a causa de su alta sensibilidad. Mi sensibilidad tambi\u00e9n hab\u00eda dado muestras de estar por encima del promedio, ciertamente para esa \u00e9poca, y ciertamente para ser un ni\u00f1o var\u00f3n. Se esperaba que los ni\u00f1os fueran todo menos sensibles. En ese tiempo, un hombre ten\u00eda que ser duro. Ten\u00eda que liderar en el mundo exterior y no se le permit\u00eda ser sentimental. No pod\u00eda llorar. En ese momento -en la conciencia colectiva de los Pa\u00edses Bajos- las emociones eran para las mujeres.<\/p>\n<p class=\"p1\"><span class=\"s1\">Por lo tanto, existen diferencias entre los grupos de edades, cuya causa es mucho m\u00e1s profunda de lo que cabr\u00eda esperar al observar los factores externos que rodean a cualquier ni\u00f1o. Ves emerger un comportamiento colectivo que no parece coincidir con el individualismo del mundo occidental en el que tu propio desempe\u00f1o, tu cartilla de notas o tu diploma determinar\u00e1n tu posici\u00f3n en la sociedad. En realidad, vemos personas que est\u00e1n solas y que no trabajan juntas, que no viven juntas.<\/span><\/p>\n<p class=\"p1\"><!--nextpage--><\/p>\n<p class=\"p1\"><span class=\"s1\">Su ser consciente es estar solo. A pesar de esto, puede haber un sentimiento inconsciente de uni\u00f3n que podr\u00eda traducirse en una conciencia colectiva, una conciencia fetal. Por lo general, esto no se traduce en una conciencia posnatal de uni\u00f3n (despu\u00e9s de todo, se dice que \u00abnaces solo y mueres solo\u00bb).<\/span><\/p>\n<p class=\"p1\"><span class=\"s1\">Si bien hoy en d\u00eda tenemos m\u00e1s posibilidades de experimentar lo que significa esta uni\u00f3n (por ejemplo, al mirar la televisi\u00f3n recibimos influencias de todo el mundo) y cabr\u00eda esperar que tuvi\u00e9ramos una mayor conciencia de esa uni\u00f3n, notamos por el contrario que en el mundo occidental se vive cada vez de forma m\u00e1s individualista. \u00bfPodemos remitirnos al per\u00edodo uterino para encontrar la causa? \u00bfLo il\u00f3gico versus lo l\u00f3gico? \u00bfLa realidad de la conciencia o la realidad del subconsciente?<\/span><\/p>\n<p class=\"p1\"><span class=\"s1\">Cuando fui a visitar a los pap\u00faes en lo que entonces se llamaba Ir\u00edan del Oeste, actualmente Nueva Guinea, observ\u00e9 como los ni\u00f1os estaban conectados con todos los dem\u00e1s. \u00bfC\u00f3mo era posible? Para ellos, no importaba de qu\u00e9 pecho amamantaban o si hab\u00eda o no leche materna. Mientras les diera paz y tranquilidad, incluso podr\u00edan mamar de las abuelas. Y as\u00ed pasaban de regazo en regazo, de pecho en pecho, sin la restricci\u00f3n que supone tener que pertenecer a una sola madre.<\/span><\/p>\n<p class=\"p1\"><span class=\"s1\">Es interesante saber que en la tribu de Pap\u00faa \u2013con la que tuve el honor de pasar el d\u00eda\u2013 los hombres y mujeres duermen en casas separadas. Todas las mujeres duermen juntas en una habitaci\u00f3n, al igual que los hombres. Cuando una mujer est\u00e1 embarazada, comparte la experiencia con el grupo, en uni\u00f3n con todas las dem\u00e1s mujeres con las que vive. \u00bfC\u00f3mo influye este hecho en el feto? \u00bfLa peque\u00f1a criaturita siente ya desde su lugar en el vientre la uni\u00f3n? Algo muy distinto a lo que ocurre en las familias m\u00e1s reducidas de hoy en d\u00eda. Cuanto m\u00e1s peque\u00f1a es la familia, menor es el sentimiento de conexi\u00f3n con el grupo y m\u00e1s dependencia de uno mismo. La individualidad proporciona m\u00e1s seguridad que la uni\u00f3n. En las familias m\u00e1s grandes de anta\u00f1o y de ahora, se apreciaba el trabajo conjunto y por lo tanto, la dependencia de unos y otros. En \u00e9pocas anteriores, la conexi\u00f3n era necesaria para administrar el negocio familiar, sobrevivir y crecer.<\/span><\/p>\n<p class=\"p1\"><span class=\"s1\">En 1920, alrededor del 70 por ciento de los estadounidenses eran agricultores. Sus familias eran numerosas y generalmente inclu\u00edan a los abuelos, t\u00edas y t\u00edos. Hab\u00eda muchos adultos para compartir las responsabilidades y gracias a ello, el sentimiento de uni\u00f3n era m\u00e1s fuerte. En las familias actuales, los abuelos, t\u00edas y t\u00edos no est\u00e1n incluidos porque, seg\u00fan la sociedad, se considera que tienen sus propias vidas individuales.<\/span><\/p>\n<p class=\"p1\"><span class=\"s1\">Me interesaba conocer las causas de estas diferencias. <\/span><\/p>\n<p class=\"p1\"><span class=\"s1\">\u00bfPor qu\u00e9 hay tantas personas infelices, aisladas, solas y aparentemente incapaces de alcanzar todo su potencial? Dadas sus circunstancias, tendr\u00eda sentido que fueran felices y que sus personalidades florecieran. Este era un misterio que me fascinaba resolver.<\/span><\/p>\n<p class=\"p1\"><span class=\"s1\">\u00bfPodr\u00edamos encontrar la causa en el per\u00edodo que pasamos en el \u00fatero, considerando lo que recibimos durante ese tiempo? Para los pap\u00faes, el sentimiento de uni\u00f3n es muy importante; vivir juntos. El ganado, la caza, la cosecha, todo es para todos y se reparte equitativamente. \u00bfPuede ser que el feto en el \u00fatero llegue a sentir la conexi\u00f3n al estar cerca de todas las mujeres en la casa de mujeres? Ir juntas al campo, hacerlo todo juntas. \u00bfPueden estas experiencias penetrar e impactar en nosotros alrededor de nuestro tercer o cuarto cumplea\u00f1os, antes de que tomemos conciencia de la vida?<\/span><\/p>\n<p class=\"p1\"><span class=\"s1\">Por cierto, la individualidad de la gente de Nueva Guinea tambi\u00e9n es muy clara, pero debajo de ella se puede sentir la conexi\u00f3n con toda la tribu. Por lo que pude ver, esa conexi\u00f3n es muy importante para el posterior desarrollo de cada individuo en un ser \u00fanico. La ventaja que tienen estas&nbsp; personas es que saben establecer contacto con los otros a nivel emocional en el mundo exterior y pueden moverse f\u00e1cilmente en la sociedad.<\/span><\/p>\n<p class=\"p1\"><span class=\"s1\">Un estudio revel\u00f3 que los reci\u00e9n nacidos de Uganda est\u00e1n m\u00e1s desarrollados que los reci\u00e9n nacidos estadounidenses (ver J.C. Pearce Magical Child). Cuando nacen sanos, los beb\u00e9s ugandeses se r\u00eden despu\u00e9s de dos o tres d\u00edas de vida, mientras que los beb\u00e9s en los Estados Unidos generalmente solo se r\u00eden despu\u00e9s de cuatro o seis semanas. El embarazo en Estados Unidos suele ser planificado y por tanto un beb\u00e9 americano ya tiene una funci\u00f3n social. Considero que la risa del beb\u00e9 americano es una forma de conducta aprendida. El v\u00ednculo afectivo con un reci\u00e9n nacido aqu\u00ed es menor que en culturas de nacimientos no planificados y por eso veo esta risa tard\u00eda como un v\u00ednculo afectivo insuficiente entre madre y beb\u00e9. Un beb\u00e9 r\u00ede cuando se siente seguro en su mundo interior, los occidentales r\u00eden para sentirse seguros en el mundo exterior (ya que no se sienten seguros en su mundo interior).<\/span><\/p>\n<p class=\"p1\"><span class=\"s1\">Los ni\u00f1os ugandeses forman parte de la tribu desde el momento en que est\u00e1n en el \u00fatero. Ya existe un sentimiento de pertenencia. Todo se hace de forma conjunta: el embarazo no se vive de forma aislada, ni el trabajo, ni la comida ni la vida en general. Los ni\u00f1os son libres de expresar su verdadera naturaleza. Quiz\u00e1s eso es lo que sienten en el \u00fatero, la libertad de ser. Como personitas libres en la naturaleza, los ni\u00f1os ugandeses tienen mejores cimientos que los ni\u00f1os occidentales.<\/span><\/p>\n<p>Mi experiencia personal con la hipnosis de regresi\u00f3n confirma la informaci\u00f3n descrita anteriormente, que los ni\u00f1os han registrado mucho m\u00e1s de su entorno de lo que creen. No me refiero aqu\u00ed a la hipnosis de regresi\u00f3n m\u00e1s popular, que consiste en regresar a vidas anteriores, sino a regresiones hacia etapas anteriores de la vida, tan atr\u00e1s como el periodo en el \u00fatero.<\/p>\n<p class=\"p1\"><span class=\"s1\">Entonces, \u00bfc\u00f3mo funciona la toma de conciencia para un beb\u00e9 tan diminuto en el \u00fatero? \u00bfQu\u00e9 consecuencias tendr\u00e1 este hecho en el resto de su vida? \u00bfCu\u00e1les son las consecuencias para un grupo que nace en un per\u00edodo particular, como en mitad de la guerra o durante una hambruna en invierno? \u00bfQu\u00e9 hay de los ni\u00f1os que vivieron la guerra en la antigua Yugoslavia, o los ni\u00f1os en el vientre de sus madres en Ruanda, que sintieron el estr\u00e9s y la ansiedad de la violencia a su alrededor?<\/span><\/p>\n<p class=\"p1\"><span class=\"s1\">\u00bfY cu\u00e1l es la influencia de las drogas en el feto, por ejemplo? Los hijos de madres drogadictas o alcoh\u00f3licas muestran comportamientos que van en contra de toda l\u00f3gica y les resulta muy dif\u00edcil tomar contacto con el mundo real. En Estados Unidos se realiz\u00f3 una pel\u00edcula sobre el s\u00edndrome alcoh\u00f3lico fetal y las graves consecuencias que esto tiene en la vida posnatal de un ni\u00f1o.<\/span><\/p>\n<p class=\"p1\"><span class=\"s1\">Todo esto me resulta muy interesante y quiero saber m\u00e1s. \u00bfC\u00f3mo nuestro desarrollo en el \u00fatero ya comienza en cierta direcci\u00f3n, a pesar de que todav\u00eda no somos capaces de hacer una elecci\u00f3n consciente al respecto? Despu\u00e9s de todo, una persona s\u00f3lo puede elegir cuando se ha vuelto consciente. Si todav\u00eda no eres un ser consciente, todo viene hacia ti y no puedes defenderte contra ello. A trav\u00e9s del cord\u00f3n umbilical, por ejemplo, podr\u00edas estar recibiendo adrenalina de tu madre cuando est\u00e1 asustada o tensa, o algo le da miedo. U otro tipo de aportes: puede que la madre no ceda a las exigencias del embarazo en su funcionamiento diario, y quiera poner cara de valiente y trabajar hasta el final. O tal vez ve su embarazo como un aspecto m\u00e1s de su vida normal, e ignora los cambios hormonales, emocionales y f\u00edsicos relacionados con su estado, pues considera que su vida social es m\u00e1s importante. <\/span><\/p>\n<p class=\"p1\"><span class=\"s1\">Todos estos y otros impactos tienen, en mi opini\u00f3n, una influencia significativa para el resto de nuestra vida. En el \u00fatero, estamos sujetos a todo tipo de aportes sin ninguna defensa contra ellos. <\/span><\/p>\n<p class=\"p1\"><span class=\"s1\">Ha habido relativamente poca investigaci\u00f3n sobre este tema. Y sobre la investigaci\u00f3n que se est\u00e1 realizando actualmente me pregunto si viene motivada por el inter\u00e9s, por la curiosidad o como un experimento para determinar la influencia del mundo exterior. \u00bfEs \u00fatil o es una investigaci\u00f3n te\u00f1ida por la patolog\u00eda, el trastorno del desarrollo o por el propio investigador como sucede tan a menudo?<\/span><\/p>\n<p class=\"p1\"><span class=\"s1\">En un estudio realizado en los Estados Unidos (J.C.Pierce The Magical Child), dejaron que los fetos escucharan desde el \u00fatero repetidas veces una m\u00fasica espec\u00edfica. Despu\u00e9s del nacimiento, cuando los beb\u00e9s escuchaban la misma m\u00fasica, parec\u00edan reconocerla. Personalmente, no soy muy partidario de este tipo de investigaci\u00f3n ya que se parece mucho a las pruebas que Pavlov realiz\u00f3 con perros. Cada vez, antes de darles comida, tocaba una campana y despu\u00e9s de un tiempo los perros comenzaban a salivar al escuchar la campana. Se elimina una reacci\u00f3n natural y, en su lugar, se crea una se\u00f1al antinatural para provocar una reacci\u00f3n autom\u00e1tica de reconocimiento. \u00bfQu\u00e9 efecto tendr\u00e1 esto para los ni\u00f1os que ya est\u00e1n condicionados, que ya est\u00e1n entrenados desde que son fetos?<\/span><\/p>\n<p class=\"p1\"><span class=\"s1\">Creo que es muy importante que el per\u00edodo en el \u00fatero conforme una base s\u00f3lida sobre la que podamos construir la casa posnatal y, a partir de los tres a\u00f1os aproximadamente, cuando empezamos a tomar conciencia de la vida, tambi\u00e9n la personalidad. Con un buen fundamento, podemos estar seguros de tener un suelo firme bajo nuestros pies para construir algo hermoso. Esto constituye la ra\u00edz de nuestra existencia.<\/span><\/p>\n<p class=\"p1\"><span class=\"s1\">Si hubo una deficiencia f\u00edsica o mental durante el embarazo, puede que la persona no sea estable. O, peor a\u00fan, tal vez la sobreestimularon qu\u00edmicamente a trav\u00e9s del cord\u00f3n umbilical, o mentalmente porque los padres experimentaron condiciones extremas en el mundo exterior, como una guerra, un divorcio o la muerte de un ser querido. La reacci\u00f3n natural ante un exceso de informaci\u00f3n es cerrarse, por lo tanto, tal sobreestimulaci\u00f3n puede haberle impedido obtener el alimento que el beb\u00e9 necesitaba para establecer una base s\u00f3lida en su interior. Sin una base s\u00f3lida, sin las ra\u00edces pertinentes \u00bfc\u00f3mo puede convertirse en un \u00e1rbol fuerte que florece y da fruto?<\/span><\/p>\n<p class=\"p1\"><span class=\"s1\">Muchos de nosotros tenemos el potencial de dar buenos frutos, de generar creaciones muy bellas en la vida, y sin embargo nunca logramos hacerlo. Siempre, justo antes de decir &#8216;ahora estoy listo para florecer&#8217;, algo se interpone en el camino y los planes se marchitan. Lo mismo sucede con las plantas. Se marchitan cuando florecen con demasiada frecuencia o cuando est\u00e1n a punto de florecer, pero no han echado ra\u00edces correctamente. Yo pienso que esto est\u00e1 relacionado con la base establecida cuando estamos en el \u00fatero. Nos marchitamos cuando nuestro sistema de ra\u00edces, nuestro arraigo, est\u00e1 desnutrido y no ha podido desarrollar suficiente poder.<\/span><\/p>\n<p class=\"p1\"><!--nextpage--><\/p>\n<p class=\"p1\"><span class=\"s1\">Nuestra conciencia en el \u00fatero, o m\u00e1s bien nuestra subconsciencia, es la base para el resto de nuestras vidas y determina la l\u00f3gica y la il\u00f3gica, o la batalla entre las dos, m\u00e1s adelante en la vida.<\/span><\/p>\n<p class=\"p1\"><span class=\"s1\">La conciencia se desarrolla de forma l\u00f3gica. Somos capaces de pensar y somos capaces de tomar decisiones. A\u00fan as\u00ed, hay cosas que ocurren autom\u00e1ticamente y no por utilizar la l\u00f3gica. Por ejemplo, podemos causarnos dolor a nosotros mismos y a los que amamos. Nos supera una y otra vez, esos dos mundos, lo l\u00f3gico contra lo il\u00f3gico; no queremos que suceda, pero aun as\u00ed sucede. De repente nos encontramos en medio de discusiones en las que no queremos estar, guerras que no queremos librar. Sin embargo, en contra de todo nuestro buen juicio, parece que no podemos evitar que este tipo de situaciones sucedan.<\/span><\/p>\n<p class=\"p1\"><span class=\"s1\">Personalmente, creo que la causa de este comportamiento radica en el per\u00edodo en que a\u00fan est\u00e1bamos en el \u00fatero. El comportamiento il\u00f3gico se basa en un recuerdo, al igual que cualquier comportamiento tambi\u00e9n se basa en un recuerdo. Mi objetivo es ayudar a las personas a restaurar la base fetal para que no haya lugar que pueda ser ocupado por recuerdo negativo o incompleto. Tan solo el hecho de ayudar a alguien a ser consciente de tal recuerdo ya es un paso importante. <\/span><\/p>\n<p class=\"p1\"><span class=\"s1\">Cuando el flujo normal de la vida se estanca, a menudo mostramos un comportamiento regresivo basado en viejos recuerdos. Este comportamiento es completamente diferente al anterior al estancamiento. El estancamiento tiene muchas caras. Por ejemplo: perder el trabajo, jubilarse, una mudanza, abandono de la pareja, dejar de pagar la seguridad social. El estancamiento puede llegar de forma repentina, y tras \u00e9l, aparece el comportamiento irracional, autom\u00e1tico, en piloto autom\u00e1tico. Ya no puedes estructurar l\u00f3gicamente tu vida. A menudo toma un tiempo antes de todo vuelva a su lugar. Te alejas del flujo de la vida y te sientes paralizado en el mundo exterior. Entonces, al igual que cuando estabas en el \u00fatero, ya no participas del mundo que te rodea. El comportamiento que muestras aqu\u00ed parte de tu propia memoria inconsciente. Al experimentarla conscientemente, podr\u00e1s conectaron el per\u00edodo en el que estuviste en el \u00fatero.<\/span><\/p>\n<p class=\"p1\"><span class=\"s1\">Para el resto del libro, lo siguiente es muy importante: nunca estuviste dentro de tu madre.<\/span><\/p>\n<p class=\"p1\"><span class=\"s1\">La vagina, el cuello uterino y las trompas de Falopio est\u00e1n en contacto abierto con el mundo exterior, al igual que el sistema digestivo que va desde la boca hasta el ano. Todo lo que pasa por el sistema digestivo no est\u00e1 en tu cuerpo, tampoco en tus c\u00e9lulas. Lo llevas contigo, pero no est\u00e1 en ti. De la misma manera, la madre lleva a su beb\u00e9, no en sus c\u00e9lulas, sino en una cavidad dentro de ella que est\u00e1 en contacto abierto con el mundo exterior. Ella te lleva, pero t\u00fa no est\u00e1s en ella, as\u00ed que no le perteneces.<\/span><\/p>\n<p class=\"p1\"><span class=\"s1\">Filosof\u00edas y religiones antiguas como el hinduismo proclaman: \u00abun ni\u00f1o es su propia entidad\u00bb, lo cual tiene sentido. Incluso el \u00f3vulo que se junta con el espermatozoide durante la concepci\u00f3n est\u00e1 completamente separado de la madre. En el momento en que el \u00f3vulo es liberado por el ovario, se separa de la madre. Lo mismo ocurre con la secreci\u00f3n del espermatozoide: en ese momento se separa del padre. Hoy en d\u00eda, tambi\u00e9n es posible que la fecundaci\u00f3n tenga lugar fuera del \u00fatero (in vitro). Por tanto, la fecundaci\u00f3n no tiene por qu\u00e9 tener lugar necesariamente en el interior de la madre.<\/span><\/p>\n<p class=\"p1\"><span class=\"s1\">El \u00f3vulo fertilizado es completamente aut\u00f3nomo.<\/span><\/p>\n<p class=\"p1\"><span class=\"s1\">Muchas madres le dir\u00e1n a su hijo: \u2018Estaba embarazada de ti y eres parte de m\u00ed\u2019. Esta no es una afirmaci\u00f3n correcta (y esto es muy importante): desde el momento de la concepci\u00f3n ya estabas en el mundo exterior; \u00a1nunca has estado realmente en las c\u00e9lulas, ni en la conciencia de otra persona! <\/span><\/p>\n<p class=\"p1\"><span class=\"s1\">Que tu madre haya desarrollado un cord\u00f3n umbilical para ti y haya compartido sangre contigo no significa que tu madre pueda reclamarte. Un ni\u00f1o es su propia entidad desde el momento de la concepci\u00f3n. Solo necesitaba el entorno del \u00fatero para crecer.<\/span><\/p>\n<p class=\"p1\"><!--nextpage--><\/p>\n<p class=\"p1\"><span class=\"s1\">Cap\u00edtulo 15. Superar barreras juntos es alcanzar la libertad ilimitada.<\/span><\/p>\n<p class=\"p1\"><span class=\"s1\">Al leer este libro, sin duda ya habr\u00e1s reconocido cosas sobre ti mismo. \u00bfQu\u00e9 necesitas cambiar?<\/span><\/p>\n<p class=\"p1\"><span class=\"s1\">Los aspectos fetales que no pudieron desarrollarse por completo en el \u00fatero pueden abordarse ahora al profundizar en ellos &#8211; especialmente en los que somos m\u00e1s vulnerables y menos maduros &#8211; reconoci\u00e9ndolos con el otro. Primero debes hacerlos visibles a la otra persona para que puedan desarrollarse. Luego puedes reconstruir una conexi\u00f3n emocional con la pausa que se cre\u00f3 en aquella semana o mes particular del embarazo. Tal hiato puede incluso estar relacionado con todo el per\u00edodo en el \u00fatero.<\/span><\/p>\n<p class=\"p1\"><span class=\"s1\">Si el per\u00edodo de 6 a 9 meses en el \u00fatero fue malo, ya sea porque naciste prematuramente o pasaste hambre, entonces es m\u00e1s probable que en tu vida posnatal experimentes un uso \u00f3ptimo del cerebro anal\u00edtico, es decir, el que utilizamos para pensar r\u00e1pido. Esta es la parte del cerebro que utilizar para analizar una situaci\u00f3n, experimentarla y poder camuflar la pausa de esta manera.<\/span><\/p>\n<p class=\"p1\"><span class=\"s1\">Una persona que haya tenido una experiencia parecida en el per\u00edodo de 0 a 3 meses puede r\u00e1pidamente hacerse una idea de la situaci\u00f3n. En determinadas circunstancias, har\u00e1 un menor uso de su cerebro anal\u00edtico y mostrar\u00e1 una reacci\u00f3n emp\u00e1tica m\u00e1s espont\u00e1nea.<\/span><\/p>\n<p class=\"p1\"><span class=\"s1\">Aquellos con un cerebro m\u00e1s anal\u00edtico necesitar\u00e1n poder vocalizar para los que tienen capacidad de empat\u00eda y viceversa. Preg\u00fantense unos a otros \u2018\u00bfPor qu\u00e9?\u2019 para que el otro pueda estructurar la informaci\u00f3n. \u00a1Atr\u00e9vete a salir de tu zona de confort! De esta manera nos ayudamos mutuamente a tomar conciencia del per\u00edodo en el que se produjo el hiato.<\/span><\/p>\n<p class=\"p1\"><span class=\"s1\">Cuando hay una pausa en el desarrollo y nos damos cuenta de ello, percibimos tambi\u00e9n el dolor de ese per\u00edodo; lo cual es intimidante, da miedo. Es dif\u00edcil enfrentarse a ello uno mismo, en el aqu\u00ed y el ahora. Es por ello que necesitamos ir m\u00e1s all\u00e1 de nuestros l\u00edmites juntos para alcanzar una libertad total.<\/span><\/p>\n<p class=\"p1\"><span class=\"s1\">Ese tipo de hiato tiene que ver con una especie de hambre. Hubo una falta de alimentaci\u00f3n. Ya fuera porque falt\u00f3 la seguridad, el calor o la comida real, o que esa \u00abcomida\u201d no se ingiriese debido a la sobreestimulaci\u00f3n, tal hiato es hambre. Dadas las circunstancias, hemos aprendido a vivir con esta hambre y mantener tal hiato desnutrido es, muchas veces, una norma de cumplir. Tampoco es posible nutrir el hiato cuando no ha sido revelado. Era vulnerable y, debido a la conmoci\u00f3n en ese momento, todav\u00eda pensamos igual. Solo podemos nutrirnos unos a otros en estas \u00e1reas compartiendo la parte de nosotros que est\u00e1 bien desarrollada con otra persona que est\u00e1 menos desarrollada en ese mismo aspecto y viceversa. Esto debe hacerse con respeto mutuo y la aceptaci\u00f3n de que no todos somos iguales. Esta es una posibilidad que conduce a la conciencia: investigar juntos el aspecto fetal que a\u00fan no estaba desarrollado y no pudo ser el fundamento sobre el cual construir.<\/span><\/p>\n<p class=\"p1\"><span class=\"s1\">La meditaci\u00f3n es otra forma de poder acceder a una conciencia fetal espec\u00edfica. Si te abres al mundo exterior, de modo que no solo te concentras en tu mundo interior, experimentar\u00e1s el entorno de la misma manera que sientes un paisaje mientras caminas a trav\u00e9s de \u00e9l. Esa forma de sentir el entorno, sin saber exactamente lo que es, es de hecho en s\u00ed mismo alimento para los aspectos fetales. Tomas pasivamente informaci\u00f3n del entorno y eso es un ejercicio de observaci\u00f3n de un aspecto fetal que estaba inactivo.<\/span><\/p>\n<p class=\"p1\"><span class=\"s1\">Percibir de forma objetiva te permite nutrir tu crecimiento (ver mi libro anterior Amor, Agresi\u00f3n, Depresi\u00f3n).<\/span><\/p>\n<p class=\"p1\"><span class=\"s1\">Qi gong, que se ha vuelto muy popular hoy en d\u00eda, tambi\u00e9n promueve una percepci\u00f3n invisible del subconsciente. Esa conciencia no aparece por medio de tus sentidos normales, sino a trav\u00e9s de un intercambio energ\u00e9tico, perceptible cuando te involucras en el proceso. Lo mismo ocurre cuando se practica Tai Chi. Ciertas formas de yoga, de relajaci\u00f3n, te permiten \u00abespaciarte\u00bb y sentir la experiencia. Al hacerlo, encuentras la paz dentro de ti y de tu entorno. A trav\u00e9s de todas estas posibilidades puedes observar y tratar de restaurar adecuadamente aspectos que fueron descuidados en el desarrollo.<\/span><\/p>\n<p class=\"p1\"><span class=\"s1\">De mi esposa, Martine, aprend\u00ed que bucear (bajo el mar) es otra forma de volver a experimentar el mundo fetal, de encontrarlo y restaurarlo. El mundo submarino, ya sea el buceo o el esn\u00f3rquel, pueden proporcionarte una conciencia fetal. Al observar cuidadosamente y de forma continua y repetitiva el mundo atemporal que existe bajo el agua, puedes tomar conciencia de la pausa ocurrida en el per\u00edodo en el que estabas en el \u00fatero.<\/span><\/p>\n<p class=\"p1\"><span class=\"s1\">En mi pr\u00e1ctica, trabajo con ejercicios de psicomotricidad, utilizando posiciones corporales especificas para recrear los distintos per\u00edodos en el \u00fatero y descubrir la energ\u00eda de cada uno de ellos para restaurar una parte del desarrollo. He entrenado a muchas personas para trabajar con este m\u00e9todo.<\/span><\/p>\n<p class=\"p1\"><span class=\"s1\">Puedes utilizar los ejercicios para realizar un diagn\u00f3stico, pero tambi\u00e9n como una forma de terapia para desarrollar a\u00fan m\u00e1s la pausa que se revel\u00f3. Dado que el tiempo que estuviste en el \u00fatero no fue seguro ni natural, este m\u00e9todo te permite comenzar la restauraci\u00f3n, pero en circunstancias seguras. Y lo haces bajo la gu\u00eda de un terapeuta, para que puedas volver a tener una base s\u00f3lida en tu vida.<\/span><\/p>\n<p class=\"p1\"><span class=\"s1\">Por otro lado, en mis talleres y cursos tambi\u00e9n trato la curaci\u00f3n espec\u00edfica de los hiatos que se originaron en la fase fetal y, por lo tanto, la restauraci\u00f3n de la base.<\/span><\/p>\n<p class=\"p1\"><span class=\"s1\">En \u00faltima instancia, tendremos que ir m\u00e1s all\u00e1 de nuestros l\u00edmites para restaurar las piezas que se han descuidado continuamente, mientras que son exactamente estas piezas las que se necesitan para formar la base para el posterior desarrollo de toda posibilidad humana. Ir m\u00e1s all\u00e1 de nuestros l\u00edmites juntos es mucho m\u00e1s productivo que hacerlo solos. A\u00fan as\u00ed, hay cosas que debemos hacer solos. Durante el embarazo y el parto, por ejemplo, tanto la madre como el feto se centran en sus procesos individuales. Se mantiene cierta distancia durante el desarrollo, y eso no es malo. Pueden pasar por esto juntos, pero el proceso es de cada uno de ellos.<\/span><\/p>\n<p class=\"p1\"><span class=\"s1\">Para traspasar los l\u00edmites juntos, necesitar\u00e1s cierta curiosidad. La curiosidad es una caracter\u00edstica saludable para superar los miedos. El miedo te hace ser reservado y se convierte en un obst\u00e1culo para el progreso. Detiene el crecimiento. La curiosidad es a menudo el impulso que permite descubrir nuevos horizontes.<\/span><\/p>\n<p class=\"p1\"><span class=\"s1\">La intenci\u00f3n de este libro radica en nuestro pasado, en nuestra conciencia fetal, descubriendo el nuevo horizonte. \u00a1Y hay mucho m\u00e1s por descubrir! \u00bfNo sientes curiosidad por descubrir la belleza de tu verdadera naturaleza y las muchas posibilidades que se te abren al volver a ser un ser completo? Vuestros hijos, vuestros seres amados, est\u00e1n esperando ya desde hace a\u00f1os que este potencial se haga visible.<\/span><\/p>\n<p class=\"p1\"><span class=\"s1\">Si contin\u00faas ocultando tu totalidad, tu verdadera naturaleza, y camufl\u00e1ndola con el miedo, eres un ladr\u00f3n. Te est\u00e1s robando a ti y a tus seres queridos. De hecho, est\u00e1s ocultando los aspectos m\u00e1s hermosos de ti mismo, no permitiendo que se vean.<\/span><\/p>\n<p class=\"p1\"><span class=\"s1\">S\u00f3lo un ladr\u00f3n tiene algo que ocultar.<\/span><\/p>\n","protected":false},"excerpt":{"rendered":"<p>S\u00f3lo un ladr\u00f3n se esconde. Los secretos del feto y del ni\u00f1o inconsciente<br \/>\nEl viento es una fuerza de la naturaleza capaz de moldear paisajes. Por ejemplo, las huellas que deja con su movimiento en la arena de la playa cambian constantemente, o las dunas del desierto, que se trasladan de un lugar a otro. Una fuerza externa las mueve pasivamente. Las influencias externas a menudo determinan el curso de nuestra vida. Reaccionamos a estas influencias porque son m\u00e1s fuertes que nuestra conciencia o nuestro fundamento. La pregunta es: \u00bfpermitimos de forma inconsciente que estas fuerzas externas determinen el movimiento de nuestro o es esta fuerza externa, el viento, la que hace que nuestro ser mismo sea consciente? Utilizar nuestra identidad y desarrollarla m\u00e1s profundamente es, despu\u00e9s de todo, el prop\u00f3sito de nuestra existencia.<\/p>\n","protected":false},"author":4,"featured_media":59,"parent":262,"menu_order":6,"comment_status":"closed","ping_status":"closed","template":"tmp-book.php","meta":{"_acf_changed":false,"footnotes":""},"class_list":["post-778","page","type-page","status-publish","has-post-thumbnail","hentry"],"acf":[],"yoast_head":"<!-- This site is optimized with the Yoast SEO plugin v27.5 - https:\/\/yoast.com\/product\/yoast-seo-wordpress\/ -->\n<title>Verbergen doet alleen een dief [&quot;S\u00f3lo un ladr\u00f3n tiene algo que ocultar&quot;] - Stichting Ontwikkelingsmotoriek Niek Brouw<\/title>\n<meta name=\"robots\" content=\"index, follow, max-snippet:-1, max-image-preview:large, max-video-preview:-1\" \/>\n<link rel=\"canonical\" href=\"https:\/\/niekbrouw.nl\/es\/los-libros\/only-a-thief-has-something-to-hide\/\" \/>\n<link rel=\"next\" href=\"https:\/\/niekbrouw.nl\/es\/los-libros\/only-a-thief-has-something-to-hide\/2\/\" \/>\n<meta property=\"og:locale\" content=\"es_ES\" \/>\n<meta property=\"og:type\" content=\"article\" \/>\n<meta property=\"og:title\" content=\"Verbergen doet alleen een dief [&quot;S\u00f3lo un ladr\u00f3n tiene algo que ocultar&quot;] - Stichting Ontwikkelingsmotoriek Niek Brouw\" \/>\n<meta property=\"og:description\" content=\"S\u00f3lo un ladr\u00f3n se esconde. Los secretos del feto y del ni\u00f1o inconsciente El viento es una fuerza de la naturaleza capaz de moldear paisajes. Por ejemplo, las huellas que deja con su movimiento en la arena de la playa cambian constantemente, o las dunas del desierto, que se trasladan de un lugar a otro. Una fuerza externa las mueve pasivamente. Las influencias externas a menudo determinan el curso de nuestra vida. Reaccionamos a estas influencias porque son m\u00e1s fuertes que nuestra conciencia o nuestro fundamento. La pregunta es: \u00bfpermitimos de forma inconsciente que estas fuerzas externas determinen el movimiento de nuestro o es esta fuerza externa, el viento, la que hace que nuestro ser mismo sea consciente? Utilizar nuestra identidad y desarrollarla m\u00e1s profundamente es, despu\u00e9s de todo, el prop\u00f3sito de nuestra existencia.\" \/>\n<meta property=\"og:url\" content=\"https:\/\/niekbrouw.nl\/es\/los-libros\/only-a-thief-has-something-to-hide\/\" \/>\n<meta property=\"og:site_name\" content=\"Stichting Ontwikkelingsmotoriek Niek Brouw\" \/>\n<meta property=\"article:modified_time\" content=\"2023-06-27T12:00:30+00:00\" \/>\n<meta property=\"og:image\" content=\"https:\/\/niekbrouw.nl\/wp-content\/uploads\/2016\/11\/Verbergen.png\" \/>\n\t<meta property=\"og:image:width\" content=\"500\" \/>\n\t<meta property=\"og:image:height\" content=\"680\" \/>\n\t<meta property=\"og:image:type\" content=\"image\/png\" \/>\n<meta name=\"twitter:card\" content=\"summary_large_image\" \/>\n<meta name=\"twitter:label1\" content=\"Tiempo de lectura\" \/>\n\t<meta name=\"twitter:data1\" content=\"29 minutos\" \/>\n<script type=\"application\/ld+json\" class=\"yoast-schema-graph\">{\"@context\":\"https:\\\/\\\/schema.org\",\"@graph\":[{\"@type\":\"WebPage\",\"@id\":\"https:\\\/\\\/niekbrouw.nl\\\/es\\\/los-libros\\\/only-a-thief-has-something-to-hide\\\/\",\"url\":\"https:\\\/\\\/niekbrouw.nl\\\/es\\\/los-libros\\\/only-a-thief-has-something-to-hide\\\/\",\"name\":\"Verbergen doet alleen een dief [\\\"S\u00f3lo un ladr\u00f3n tiene algo que ocultar\\\"] - Stichting Ontwikkelingsmotoriek Niek Brouw\",\"isPartOf\":{\"@id\":\"https:\\\/\\\/niekbrouw.nl\\\/#website\"},\"primaryImageOfPage\":{\"@id\":\"https:\\\/\\\/niekbrouw.nl\\\/es\\\/los-libros\\\/only-a-thief-has-something-to-hide\\\/#primaryimage\"},\"image\":{\"@id\":\"https:\\\/\\\/niekbrouw.nl\\\/es\\\/los-libros\\\/only-a-thief-has-something-to-hide\\\/#primaryimage\"},\"thumbnailUrl\":\"https:\\\/\\\/niekbrouw.nl\\\/wp-content\\\/uploads\\\/2016\\\/11\\\/Verbergen.png\",\"datePublished\":\"2016-12-13T23:04:53+00:00\",\"dateModified\":\"2023-06-27T12:00:30+00:00\",\"breadcrumb\":{\"@id\":\"https:\\\/\\\/niekbrouw.nl\\\/es\\\/los-libros\\\/only-a-thief-has-something-to-hide\\\/#breadcrumb\"},\"inLanguage\":\"es\",\"potentialAction\":[{\"@type\":\"ReadAction\",\"target\":[\"https:\\\/\\\/niekbrouw.nl\\\/es\\\/los-libros\\\/only-a-thief-has-something-to-hide\\\/\"]}]},{\"@type\":\"ImageObject\",\"inLanguage\":\"es\",\"@id\":\"https:\\\/\\\/niekbrouw.nl\\\/es\\\/los-libros\\\/only-a-thief-has-something-to-hide\\\/#primaryimage\",\"url\":\"https:\\\/\\\/niekbrouw.nl\\\/wp-content\\\/uploads\\\/2016\\\/11\\\/Verbergen.png\",\"contentUrl\":\"https:\\\/\\\/niekbrouw.nl\\\/wp-content\\\/uploads\\\/2016\\\/11\\\/Verbergen.png\",\"width\":500,\"height\":680},{\"@type\":\"BreadcrumbList\",\"@id\":\"https:\\\/\\\/niekbrouw.nl\\\/es\\\/los-libros\\\/only-a-thief-has-something-to-hide\\\/#breadcrumb\",\"itemListElement\":[{\"@type\":\"ListItem\",\"position\":1,\"name\":\"Home\",\"item\":\"https:\\\/\\\/niekbrouw.nl\\\/es\\\/homepage\\\/\"},{\"@type\":\"ListItem\",\"position\":2,\"name\":\"Los libros\"}]},{\"@type\":\"WebSite\",\"@id\":\"https:\\\/\\\/niekbrouw.nl\\\/#website\",\"url\":\"https:\\\/\\\/niekbrouw.nl\\\/\",\"name\":\"Stichting Ontwikkelingsmotoriek Niek Brouw\",\"description\":\"Lees over de methode van Niek Brouw\",\"potentialAction\":[{\"@type\":\"SearchAction\",\"target\":{\"@type\":\"EntryPoint\",\"urlTemplate\":\"https:\\\/\\\/niekbrouw.nl\\\/?s={search_term_string}\"},\"query-input\":{\"@type\":\"PropertyValueSpecification\",\"valueRequired\":true,\"valueName\":\"search_term_string\"}}],\"inLanguage\":\"es\"}]}<\/script>\n<!-- \/ Yoast SEO plugin. -->","yoast_head_json":{"title":"Verbergen doet alleen een dief [\"S\u00f3lo un ladr\u00f3n tiene algo que ocultar\"] - Stichting Ontwikkelingsmotoriek Niek Brouw","robots":{"index":"index","follow":"follow","max-snippet":"max-snippet:-1","max-image-preview":"max-image-preview:large","max-video-preview":"max-video-preview:-1"},"canonical":"https:\/\/niekbrouw.nl\/es\/los-libros\/only-a-thief-has-something-to-hide\/","next":"https:\/\/niekbrouw.nl\/es\/los-libros\/only-a-thief-has-something-to-hide\/2\/","og_locale":"es_ES","og_type":"article","og_title":"Verbergen doet alleen een dief [\"S\u00f3lo un ladr\u00f3n tiene algo que ocultar\"] - Stichting Ontwikkelingsmotoriek Niek Brouw","og_description":"S\u00f3lo un ladr\u00f3n se esconde. Los secretos del feto y del ni\u00f1o inconsciente El viento es una fuerza de la naturaleza capaz de moldear paisajes. Por ejemplo, las huellas que deja con su movimiento en la arena de la playa cambian constantemente, o las dunas del desierto, que se trasladan de un lugar a otro. Una fuerza externa las mueve pasivamente. Las influencias externas a menudo determinan el curso de nuestra vida. Reaccionamos a estas influencias porque son m\u00e1s fuertes que nuestra conciencia o nuestro fundamento. La pregunta es: \u00bfpermitimos de forma inconsciente que estas fuerzas externas determinen el movimiento de nuestro o es esta fuerza externa, el viento, la que hace que nuestro ser mismo sea consciente? Utilizar nuestra identidad y desarrollarla m\u00e1s profundamente es, despu\u00e9s de todo, el prop\u00f3sito de nuestra existencia.","og_url":"https:\/\/niekbrouw.nl\/es\/los-libros\/only-a-thief-has-something-to-hide\/","og_site_name":"Stichting Ontwikkelingsmotoriek Niek Brouw","article_modified_time":"2023-06-27T12:00:30+00:00","og_image":[{"width":500,"height":680,"url":"https:\/\/niekbrouw.nl\/wp-content\/uploads\/2016\/11\/Verbergen.png","type":"image\/png"}],"twitter_card":"summary_large_image","twitter_misc":{"Tiempo de lectura":"29 minutos"},"schema":{"@context":"https:\/\/schema.org","@graph":[{"@type":"WebPage","@id":"https:\/\/niekbrouw.nl\/es\/los-libros\/only-a-thief-has-something-to-hide\/","url":"https:\/\/niekbrouw.nl\/es\/los-libros\/only-a-thief-has-something-to-hide\/","name":"Verbergen doet alleen een dief [\"S\u00f3lo un ladr\u00f3n tiene algo que ocultar\"] - Stichting Ontwikkelingsmotoriek Niek Brouw","isPartOf":{"@id":"https:\/\/niekbrouw.nl\/#website"},"primaryImageOfPage":{"@id":"https:\/\/niekbrouw.nl\/es\/los-libros\/only-a-thief-has-something-to-hide\/#primaryimage"},"image":{"@id":"https:\/\/niekbrouw.nl\/es\/los-libros\/only-a-thief-has-something-to-hide\/#primaryimage"},"thumbnailUrl":"https:\/\/niekbrouw.nl\/wp-content\/uploads\/2016\/11\/Verbergen.png","datePublished":"2016-12-13T23:04:53+00:00","dateModified":"2023-06-27T12:00:30+00:00","breadcrumb":{"@id":"https:\/\/niekbrouw.nl\/es\/los-libros\/only-a-thief-has-something-to-hide\/#breadcrumb"},"inLanguage":"es","potentialAction":[{"@type":"ReadAction","target":["https:\/\/niekbrouw.nl\/es\/los-libros\/only-a-thief-has-something-to-hide\/"]}]},{"@type":"ImageObject","inLanguage":"es","@id":"https:\/\/niekbrouw.nl\/es\/los-libros\/only-a-thief-has-something-to-hide\/#primaryimage","url":"https:\/\/niekbrouw.nl\/wp-content\/uploads\/2016\/11\/Verbergen.png","contentUrl":"https:\/\/niekbrouw.nl\/wp-content\/uploads\/2016\/11\/Verbergen.png","width":500,"height":680},{"@type":"BreadcrumbList","@id":"https:\/\/niekbrouw.nl\/es\/los-libros\/only-a-thief-has-something-to-hide\/#breadcrumb","itemListElement":[{"@type":"ListItem","position":1,"name":"Home","item":"https:\/\/niekbrouw.nl\/es\/homepage\/"},{"@type":"ListItem","position":2,"name":"Los libros"}]},{"@type":"WebSite","@id":"https:\/\/niekbrouw.nl\/#website","url":"https:\/\/niekbrouw.nl\/","name":"Stichting Ontwikkelingsmotoriek Niek Brouw","description":"Lees over de methode van Niek Brouw","potentialAction":[{"@type":"SearchAction","target":{"@type":"EntryPoint","urlTemplate":"https:\/\/niekbrouw.nl\/?s={search_term_string}"},"query-input":{"@type":"PropertyValueSpecification","valueRequired":true,"valueName":"search_term_string"}}],"inLanguage":"es"}]}},"_links":{"self":[{"href":"https:\/\/niekbrouw.nl\/es\/wp-json\/wp\/v2\/pages\/778","targetHints":{"allow":["GET"]}}],"collection":[{"href":"https:\/\/niekbrouw.nl\/es\/wp-json\/wp\/v2\/pages"}],"about":[{"href":"https:\/\/niekbrouw.nl\/es\/wp-json\/wp\/v2\/types\/page"}],"author":[{"embeddable":true,"href":"https:\/\/niekbrouw.nl\/es\/wp-json\/wp\/v2\/users\/4"}],"replies":[{"embeddable":true,"href":"https:\/\/niekbrouw.nl\/es\/wp-json\/wp\/v2\/comments?post=778"}],"version-history":[{"count":5,"href":"https:\/\/niekbrouw.nl\/es\/wp-json\/wp\/v2\/pages\/778\/revisions"}],"predecessor-version":[{"id":1689,"href":"https:\/\/niekbrouw.nl\/es\/wp-json\/wp\/v2\/pages\/778\/revisions\/1689"}],"up":[{"embeddable":true,"href":"https:\/\/niekbrouw.nl\/es\/wp-json\/wp\/v2\/pages\/262"}],"wp:featuredmedia":[{"embeddable":true,"href":"https:\/\/niekbrouw.nl\/es\/wp-json\/wp\/v2\/media\/59"}],"wp:attachment":[{"href":"https:\/\/niekbrouw.nl\/es\/wp-json\/wp\/v2\/media?parent=778"}],"curies":[{"name":"wp","href":"https:\/\/api.w.org\/{rel}","templated":true}]}}